{"id":1407,"date":"2020-03-12T09:46:27","date_gmt":"2020-03-12T09:46:27","guid":{"rendered":"https:\/\/www.creditinitiative.eu\/ueber-uns\/"},"modified":"2021-02-22T13:00:18","modified_gmt":"2021-02-22T13:00:18","slug":"meistae","status":"publish","type":"page","link":"https:\/\/www.creditinitiative.eu\/fi\/meistae\/","title":{"rendered":"Tietoja meist\u00e4"},"content":{"rendered":"<p>[et_pb_section fb_built=&#8221;1&#8243; _builder_version=&#8221;3.28&#8243; min_height=&#8221;315px&#8221; custom_margin=&#8221;||-13px|||&#8221; custom_padding=&#8221;0px||5px|||&#8221;][et_pb_row column_structure=&#8221;1_2,1_2&#8243; _builder_version=&#8221;3.28&#8243; custom_margin=&#8221;|auto|30px|auto||&#8221; custom_padding=&#8221;0px||0px|||&#8221;][et_pb_column type=&#8221;1_2&#8243; _builder_version=&#8221;3.28&#8243;][et_pb_text _builder_version=&#8221;4.9.0&#8243; header_font=&#8221;|||on|||||&#8221; header_text_color=&#8221;#65b32e&#8221; custom_margin=&#8221;||-53px|||&#8221; custom_padding=&#8221;85px||0px|||&#8221; header_font_size_tablet=&#8221;&#8221; header_font_size_phone=&#8221;17px&#8221; header_font_size_last_edited=&#8221;on|phone&#8221; header_5_font_size_tablet=&#8221;&#8221; header_5_font_size_phone=&#8221;12px&#8221; header_5_font_size_last_edited=&#8221;on|phone&#8221;]<\/p>\n<p>#economyforfuture<\/p>\n<h1>TARTU TOIMEEN<\/h1>\n<h1><\/h1>\n<p>[\/et_pb_text][et_pb_text _builder_version=&#8221;4.9.0&#8243; header_font=&#8221;|||on|||||&#8221; header_text_align=&#8221;left&#8221; header_5_font=&#8221;Swanky and Moo Moo|700|on||||||&#8221; header_5_text_align=&#8221;right&#8221; header_5_text_color=&#8221;#e6160f&#8221; header_5_font_size=&#8221;35px&#8221; transform_rotate=&#8221;0deg|0deg|356deg&#8221; width=&#8221;115.5%&#8221; custom_margin=&#8221;-31px|-55px|||false|false&#8221; custom_margin_tablet=&#8221;&#8221; custom_margin_phone=&#8221;0px|0px|0px|0px|false|false&#8221; custom_margin_last_edited=&#8221;on|desktop&#8221; custom_padding=&#8221;0px|0px|0px|0px|false|false&#8221; header_text_align_phone=&#8221;center&#8221; header_text_align_last_edited=&#8221;off|desktop&#8221; header_5_text_align_tablet=&#8221;&#8221; header_5_text_align_phone=&#8221;center&#8221; header_5_text_align_last_edited=&#8221;on|phone&#8221; header_5_text_color_tablet=&#8221;&#8221; header_5_text_color_phone=&#8221;&#8221; header_5_text_color_last_edited=&#8221;on|desktop&#8221; header_5_font_size_tablet=&#8221;&#8221; header_5_font_size_phone=&#8221;22px&#8221; header_5_font_size_last_edited=&#8221;on|desktop&#8221;]<\/p>\n<h5>Euroopan laajuinen yhteisty\u00f6<\/h5>\n<p>[\/et_pb_text][\/et_pb_column][et_pb_column type=&#8221;1_2&#8243; _builder_version=&#8221;3.28&#8243;][et_pb_code disabled_on=&#8221;on|off|off&#8221; _builder_version=&#8221;3.28&#8243; width=&#8221;92.2%&#8221; custom_margin=&#8221;-110px||-50px|80px|false|false&#8221; custom_padding=&#8221;|0px|||false|false&#8221;]<!-- Chart Action CSS -->\r\n<style type=\"text\/css\">\r\n\t#imap_1 {\n \n}<\/style>\r\n\r\n<!-- Chart Action HTML -->\r\n<div id=\"imap_1\">\n  <div class=\"interactive_map_finder\" id=\"interactive_map_1\" imap=\"1\"><\/div>\n<\/div>[\/et_pb_code][\/et_pb_column][\/et_pb_row][et_pb_row column_structure=&#8221;1_2,1_4,1_4&#8243; _builder_version=&#8221;3.28&#8243; custom_padding=&#8221;0px||0px|||&#8221;][et_pb_column type=&#8221;1_2&#8243; _builder_version=&#8221;3.28&#8243;][et_pb_text _builder_version=&#8221;4.9.0&#8243; header_font=&#8221;|||on|||||&#8221; header_text_color=&#8221;#65b32e&#8221; header_3_text_color=&#8221;#17428c&#8221; custom_padding=&#8221;0px|||||&#8221;]<\/p>\n<p>Eurooppalaisella rahoitusaloitteella on kaksi p\u00e4\u00e4m\u00e4\u00e4r\u00e4\u00e4. Se haluaa olla mukana luomassa ja vahvistamassa uudenlaista taloutta. Konkreettisena ehdotuksena se esitt\u00e4\u00e4 lains\u00e4\u00e4d\u00e4nn\u00f6llisen v\u00e4yl\u00e4n avaamista Euroopan tasolla. Asiaa edist\u00e4\u00e4ksemme tarvitsemme mahdollisimman monen ihmisen apua mahdollisimman monessa j\u00e4senmaassa.<\/p>\n<p>Eurooppalaisen rahoitusaloitteen k\u00e4ynnistiv\u00e4t Internationales Kulturzentrum Achberg e.V. Saksassa ja IG-EuroVision It\u00e4vallassa. Projektin kaksi perustajaa ja johtajaa ovat Gerhard Schuster ja Daniel Schily.<\/p>\n<p>[\/et_pb_text][\/et_pb_column][et_pb_column type=&#8221;1_4&#8243; _builder_version=&#8221;3.28&#8243;][et_pb_team_member name=&#8221;Gerhard Schuster&#8221; image_url=&#8221;https:\/\/www.creditinitiative.eu\/wp-content\/uploads\/team_gerhard_schuster.jpg&#8221; _builder_version=&#8221;4.4.0&#8243;][\/et_pb_team_member][\/et_pb_column][et_pb_column type=&#8221;1_4&#8243; _builder_version=&#8221;4.4.0&#8243;][et_pb_team_member name=&#8221;Daniel Schily&#8221; image_url=&#8221;https:\/\/www.creditinitiative.eu\/wp-content\/uploads\/team_daniel_schily.jpg&#8221; _builder_version=&#8221;4.4.0&#8243;][\/et_pb_team_member][\/et_pb_column][\/et_pb_row][et_pb_row _builder_version=&#8221;4.4.0&#8243; custom_padding=&#8221;14px|||||&#8221;][et_pb_column type=&#8221;4_4&#8243; _builder_version=&#8221;4.4.0&#8243;][et_pb_text _builder_version=&#8221;4.9.0&#8243; custom_padding=&#8221;||11px|||&#8221;]<\/p>\n<p>Aktiivista toimintaa on k\u00e4ynniss\u00e4 Saksassa, It\u00e4vallassa ja Suomessa. Muissa maissa kuten Ranskassa, Luxemburgissa ja Tsekeiss\u00e4 toiminta on aluillaan. Olemme k\u00e4\u00e4nt\u00e4neet esitteemme useille eri kielille. Olemme my\u00f6s tiedottaneet j\u00e4senmaiden parlamentteja (4&#215;7-Action). Euroopan laajuisen verkostoitumisen kehitt\u00e4mist\u00e4 on tarkoitus tehostaa edelleen.<\/p>\n<p>[\/et_pb_text][\/et_pb_column][\/et_pb_row][et_pb_row column_structure=&#8221;1_2,1_2&#8243; _builder_version=&#8221;4.4.0&#8243; custom_padding=&#8221;0px|||||&#8221;][et_pb_column type=&#8221;1_2&#8243; _builder_version=&#8221;4.4.0&#8243;][et_pb_text _builder_version=&#8221;4.9.0&#8243;]<\/p>\n<h2>Achberg-tiimi<\/h2>\n<p>Tukij\u00e4rjest\u00f6 Internationales Kulturzentrum Achberg e.V.:ss\u00e4 Eurooppalaista rahoitusaloitetta koskevia tapaamisia ja ty\u00f6pajoja j\u00e4rjestet\u00e4\u00e4n s\u00e4\u00e4nn\u00f6llisesti.<br \/> Henkil\u00f6st\u00f6\u00e4 kent\u00e4ll\u00e4: Gerhard Meister<\/p>\n<p>ja kulttuurikeskuksen kollegat: <em>Loes Swart, Herbert Schliffka, Uwe Scheibelhut, Birgit Irmer<\/em><\/p>\n<p>[\/et_pb_text][\/et_pb_column][et_pb_column type=&#8221;1_2&#8243; _builder_version=&#8221;4.4.0&#8243;][et_pb_text _builder_version=&#8221;4.9.0&#8243;]<\/p>\n<h2>Wien-tiimi<\/h2>\n<p>Wieniss\u00e4 sijaitsee toinen tukij\u00e4rjest\u00f6 IG-EuroVision ja samalla Euroopan laajuisen ty\u00f6n tukikohta.<\/p>\n<p>Rahoitusaloitteen tiimij\u00e4seni\u00e4 kent\u00e4ll\u00e4:<br \/>Ines Kanka, Tassilo Seidl-Zellbrugg,<br \/>Florian Wagner, Josef Zeisel<\/p>\n<p><em>Ines Kanka, Tassilo Seidl-Zellbrugg,<br \/> Florian Wagner, Josef Zeisel<\/em><\/p>\n<p>[\/et_pb_text][\/et_pb_column][\/et_pb_row][et_pb_row column_structure=&#8221;1_2,1_2&#8243; _builder_version=&#8221;4.4.0&#8243; custom_padding=&#8221;0px||0px|||&#8221;][et_pb_column type=&#8221;1_2&#8243; _builder_version=&#8221;4.4.0&#8243;][et_pb_text _builder_version=&#8221;4.9.0&#8243; text_font_size=&#8221;13px&#8221;]<\/p>\n<p><img loading=\"lazy\" decoding=\"async\" src=\"https:\/\/www.creditinitiative.eu\/wp-content\/uploads\/gerhard-meister-kuppel.jpg\" width=\"799\" height=\"533\" alt=\"\" class=\"wp-image-1408 size-full\" srcset=\"https:\/\/www.creditinitiative.eu\/wp-content\/uploads\/gerhard-meister-kuppel.jpg 799w, https:\/\/www.creditinitiative.eu\/wp-content\/uploads\/gerhard-meister-kuppel-480x320.jpg 480w\" sizes=\"auto, (min-width: 0px) and (max-width: 480px) 480px, (min-width: 481px) 799px, 100vw\" \/> Gerhard Meister (keskell\u00e4) Eurooppalaisen rahoitusaloitteen ty\u00f6pajassa<\/p>\n<p>&nbsp;<\/p>\n<p>[\/et_pb_text][\/et_pb_column][et_pb_column type=&#8221;1_2&#8243; _builder_version=&#8221;4.4.0&#8243;][et_pb_text _builder_version=&#8221;4.9.0&#8243; text_font_size=&#8221;13px&#8221;]<\/p>\n<p><img loading=\"lazy\" decoding=\"async\" src=\"https:\/\/www.creditinitiative.eu\/wp-content\/uploads\/team-wien.jpg\" width=\"799\" height=\"533\" alt=\"\" class=\"wp-image-1375 size-full\" srcset=\"https:\/\/www.creditinitiative.eu\/wp-content\/uploads\/team-wien.jpg 799w, https:\/\/www.creditinitiative.eu\/wp-content\/uploads\/team-wien-480x320.jpg 480w\" sizes=\"auto, (min-width: 0px) and (max-width: 480px) 480px, (min-width: 481px) 799px, 100vw\" \/> Wien-tiimi EU-j\u00e4senmaihin l\u00e4hetett\u00e4vien tietopakettien kanssa (Action 4&#215;7)<\/p>\n<p>&nbsp;<\/p>\n<p>[\/et_pb_text][\/et_pb_column][\/et_pb_row][et_pb_row column_structure=&#8221;1_2,1_2&#8243; _builder_version=&#8221;4.4.0&#8243; custom_padding=&#8221;0px|||||&#8221;][et_pb_column type=&#8221;1_2&#8243; _builder_version=&#8221;4.4.0&#8243;][et_pb_text _builder_version=&#8221;4.9.0&#8243;]<\/p>\n<h2>Rahoitusaloite Saksassa<\/h2>\n<p>Eurooppalaisen rahoitusaloitteen ja <span size=\"3\"><strong>OMNIBUS f\u00fcr Direkte Demokratie<\/strong><\/span> -j\u00e4rjest\u00f6n kumppanuus on johtanut itsen\u00e4iseen ty\u00f6h\u00f6n ja aktiviteetteihin Saksassa.<\/p>\n<p>Yhteyshenkil\u00f6t: <em>Kurt Wilhelmi<\/em> ja <em>Charlie Rutz<\/em><br \/> <a href=\"http:\/\/www.kreditinitiative.de\" target=\"_blank\" rel=\"noopener noreferrer\" title=\"www.kreditinitiative.de\"><strong><span size=\"3\">www.kreditinitiative.de<\/span><\/strong><\/a><\/p>\n<p>Linkki my\u00f6s\u00a0\u00a0<strong><a href=\"http:\/\/www.omnibus.org\/projekte\/initiative-geldkreislauf\" target=\"_blank\" rel=\"noopener noreferrer\" title=\"Initiative \u00f6kologischer Geldkreislauf\u00a0\">\u203a\u203a\u203a Initiative \u00f6kologischer Geldkreislauf<\/a><\/strong>\u00a0 (Initiative for the Research and Care of the Different Qualities of Money).<\/p>\n<p>[\/et_pb_text][et_pb_text _builder_version=&#8221;4.9.0&#8243; text_font_size=&#8221;13px&#8221;]<\/p>\n<p><img loading=\"lazy\" decoding=\"async\" src=\"https:\/\/www.creditinitiative.eu\/wp-content\/uploads\/GS_Berlin-1024x677.jpg\" width=\"1024\" height=\"677\" alt=\"\" class=\"wp-image-517 alignnone size-large\" srcset=\"https:\/\/www.creditinitiative.eu\/wp-content\/uploads\/GS_Berlin-980x648.jpg 980w, https:\/\/www.creditinitiative.eu\/wp-content\/uploads\/GS_Berlin-480x317.jpg 480w\" sizes=\"auto, (min-width: 0px) and (max-width: 480px) 480px, (min-width: 481px) and (max-width: 980px) 980px, (min-width: 981px) 1024px, 100vw\" \/> Rahoitusaloite Saksan ilmastolakossa Berliiniss\u00e4 20. syyskuuta 2019<\/p>\n<p>&nbsp;<\/p>\n<p>[\/et_pb_text][\/et_pb_column][et_pb_column type=&#8221;1_2&#8243; _builder_version=&#8221;4.4.0&#8243;][et_pb_text _builder_version=&#8221;4.9.0&#8243;]<\/p>\n<h2>Rahoitusaloite Suomessa<\/h2>\n<p><span>Eurooppalaisen rahoitusaloitteen osallistuminen Euroopan sielu -konferenssiin Lahdessa v. 2016 k\u00e4ynnisti yhteisty\u00f6n, joka johti paikallisen toimintaryhm\u00e4n (Terve raha -ty\u00f6ryhm\u00e4, Taitein ry) muodostumiseen v. 2019.\u00a0 <\/span><\/p>\n<p><span>Yhteyshenkil\u00f6t:<\/span><br \/> <em>Johannes Kananen<br \/> Tuulikki\u00a0Sarekoski<\/em><\/p>\n<p><em>\u00a0<\/em><\/p>\n<p>[\/et_pb_text][et_pb_text _builder_version=&#8221;4.9.0&#8243; text_font_size=&#8221;13px&#8221;]<\/p>\n<p><img loading=\"lazy\" decoding=\"async\" src=\"https:\/\/www.creditinitiative.eu\/wp-content\/uploads\/finnland.jpeg\" width=\"800\" height=\"533\" alt=\"\" class=\"wp-image-757 alignnone size-full\" srcset=\"https:\/\/www.creditinitiative.eu\/wp-content\/uploads\/finnland.jpeg 800w, https:\/\/www.creditinitiative.eu\/wp-content\/uploads\/finnland-480x320.jpeg 480w\" sizes=\"auto, (min-width: 0px) and (max-width: 480px) 480px, (min-width: 481px) 800px, 100vw\" \/> Keskustelu k\u00e4ynniss\u00e4 suomalaisen kansanedustajan Veronika Honkasalon (vas.) kanssa.<em><br \/> <\/em><\/p>\n<p>&nbsp;<\/p>\n<p>[\/et_pb_text][\/et_pb_column][\/et_pb_row][et_pb_row _builder_version=&#8221;4.4.0&#8243; custom_margin=&#8221;-68px|auto||auto||&#8221;][et_pb_column type=&#8221;4_4&#8243; _builder_version=&#8221;4.4.0&#8243;][et_pb_divider color=&#8221;#4d5b61&#8243; divider_position=&#8221;center&#8221; _builder_version=&#8221;3.28&#8243;][\/et_pb_divider][et_pb_text _builder_version=&#8221;4.9.0&#8243;]<\/p>\n<p>Tiedotimme EU-j\u00e4senmaiden kansanedustajia Eurooppalaisesta rahoitusaloitteesta (Action 4\u00d77). Joissain maissa saimme mahdollisuuden luovuttaa tietopaketteja henkil\u00f6kohtaisesti.<\/p>\n<p>[\/et_pb_text][et_pb_gallery gallery_ids=&#8221;1445,1442,1439,1440,1441,1438,1443,1444&#8243; posts_number=&#8221;8&#8243; _builder_version=&#8221;4.9.0&#8243; hover_enabled=&#8221;0&#8243; sticky_enabled=&#8221;0&#8243;][\/et_pb_gallery][\/et_pb_column][\/et_pb_row][\/et_pb_section][et_pb_section fb_built=&#8221;1&#8243; _builder_version=&#8221;3.28&#8243; custom_padding=&#8221;||0px|||&#8221;][et_pb_row _builder_version=&#8221;3.28&#8243; custom_margin=&#8221;-52px|auto||auto||&#8221;][et_pb_column type=&#8221;4_4&#8243; _builder_version=&#8221;3.28&#8243;][et_pb_divider color=&#8221;#4d5b61&#8243; divider_position=&#8221;center&#8221; _builder_version=&#8221;3.28&#8243;][\/et_pb_divider][\/et_pb_column][\/et_pb_row][et_pb_row _builder_version=&#8221;3.28&#8243; custom_margin=&#8221;-52px|auto||auto||&#8221;][et_pb_column type=&#8221;4_4&#8243; _builder_version=&#8221;3.28&#8243;][\/et_pb_column][\/et_pb_row][\/et_pb_section][et_pb_section fb_built=&#8221;1&#8243; _builder_version=&#8221;3.28&#8243; custom_margin=&#8221;-33px|||||&#8221; custom_padding=&#8221;68px|||||&#8221; global_module=&#8221;438&#8243; saved_tabs=&#8221;all&#8221;][et_pb_row column_structure=&#8221;1_3,1_3,1_3&#8243; _builder_version=&#8221;3.28&#8243; custom_margin=&#8221;-46px|auto|-1px|auto||&#8221; custom_padding=&#8221;0px||0px|||&#8221;][et_pb_column type=&#8221;1_3&#8243; _builder_version=&#8221;3.28&#8243;][et_pb_text _builder_version=&#8221;4.9.0&#8243; custom_margin=&#8221;12px||||false|false&#8221;]<\/p>\n<p>Internationales Kulturzentrum Achberg e.V.<br \/>Panoramastra\u00dfe 30<br \/>88147 Achberg<br \/>SAKSA<\/p>\n<p>+49 8380 500<\/p>\n<p>IBAN: DE88 4306 0967 8233 3668 00<br \/>GENODEM1GLS<\/p>\n<p>[\/et_pb_text][et_pb_text _builder_version=&#8221;3.28&#8243; custom_margin=&#8221;-12px||||false|false&#8221;]<\/p>\n<p><span><a href=\"mailto:info@creditinitiative.eu \">info@creditinitiative.eu<br \/> <\/a><\/span><span><a href=\"http:\/\/www.creditinitiative.eu \">www.creditinitiative.eu<\/a><\/span><\/p>\n<p><span><\/span><\/p>\n<p><span><\/span><\/p>\n<p>[\/et_pb_text][\/et_pb_column][et_pb_column type=&#8221;1_3&#8243; _builder_version=&#8221;3.28&#8243;][et_pb_text _builder_version=&#8221;4.9.0&#8243; custom_margin=&#8221;12px||||false|false&#8221;]<\/p>\n<p>Initiativ-Gesellschaft EuroVision<br \/>Brantinggasse 61<br \/>1100 Wien<br \/>IT\u00c4VALTA<\/p>\n<p>+43 650 941 32 64<\/p>\n<p>IBAN: AT09 6000 0000 9217 9671<br \/>BIC: OPSKATWW<\/p>\n<p>[\/et_pb_text][et_pb_text _builder_version=&#8221;4.9.0&#8243; custom_margin=&#8221;-12px||||false|false&#8221; custom_padding=&#8221;||||false|false&#8221;]<\/p>\n<p><span style=\"font-size: 15px;\">Yhteyshenkil\u00f6t:<br \/><\/span><span style=\"font-size: 15px;\">Gerhard Schuster ja Daniel Schily<\/span><\/p>\n<p>&nbsp;<\/p>\n<p>[\/et_pb_text][\/et_pb_column][et_pb_column type=&#8221;1_3&#8243; _builder_version=&#8221;3.28&#8243;][et_pb_sidebar area=&#8221;et_pb_widget_area_1&#8243; show_border=&#8221;off&#8221; _builder_version=&#8221;3.28&#8243; custom_margin=&#8221;-18px|3px|||false|false&#8221;][\/et_pb_sidebar][\/et_pb_column][\/et_pb_row][et_pb_row column_structure=&#8221;3_5,2_5&#8243; _builder_version=&#8221;3.28&#8243; custom_margin=&#8221;-22px|auto|-57px|auto||&#8221; custom_padding=&#8221;||1px|||&#8221;][et_pb_column type=&#8221;3_5&#8243; _builder_version=&#8221;3.28&#8243;][et_pb_text _builder_version=&#8221;4.9.0&#8243; custom_margin=&#8221;-8px||||false|false&#8221;]<\/p>\n<div>\n<p>\u00a9\u00a02021 | Internationales Kulturzentrum Achberg &amp; IG-EuroVision | <a title=\"Impressum\" href=\"\/impressum\">Impressum<\/a>\u00a0| <a title=\"Datenschutz\" href=\"\/datenschutz\">Datenschutz<\/a><\/p>\n<\/div>\n<p>[\/et_pb_text][\/et_pb_column][et_pb_column type=&#8221;2_5&#8243; _builder_version=&#8221;3.28&#8243;][et_pb_text _builder_version=&#8221;4.4.0&#8243; transform_scale_last_edited=&#8221;off|desktop&#8221; transform_translate_last_edited=&#8221;off|desktop&#8221; transform_rotate_last_edited=&#8221;off|desktop&#8221; transform_skew_last_edited=&#8221;off|desktop&#8221; transform_origin_last_edited=&#8221;off|desktop&#8221; transform_styles_last_edited=&#8221;off|desktop&#8221; text_orientation=&#8221;right&#8221; custom_margin=&#8221;-10px||||false|false&#8221; text_font_size_tablet=&#8221;&#8221; text_font_size_phone=&#8221;7px&#8221; text_font_size_last_edited=&#8221;on|phone&#8221; text_orientation_tablet=&#8221;&#8221; text_orientation_phone=&#8221;left&#8221; text_orientation_last_edited=&#8221;on|phone&#8221;]<\/p>\n<p><a href=\"https:\/\/www.facebook.com\/credit.initiative\" target=\"_blank\" rel=\"noopener noreferrer\"><img loading=\"lazy\" decoding=\"async\" src=\"https:\/\/www.creditinitiative.eu\/wp-content\/uploads\/facebook.png\" width=\"88\" height=\"23\" alt=\"\" class=\"wp-image-65 alignnone size-full\" \/><\/a>\u00a0 \u00a0 \u00a0<a href=\"https:\/\/twitter.com\/credit_eci\" target=\"_blank\" rel=\"noopener noreferrer\" title=\"Twitter\"><img loading=\"lazy\" decoding=\"async\" src=\"https:\/\/www.creditinitiative.eu\/wp-content\/uploads\/twitter.png\" width=\"27\" height=\"22\" alt=\"\" class=\"wp-image-83 alignnone size-full\" \/><\/a> \u00a0 \u00a0 \u00a0<a href=\"http:\/\/www.youtube.com\/c\/europe2019net\" target=\"_blank\" rel=\"noopener noreferrer\" title=\"YouTube\"><img loading=\"lazy\" decoding=\"async\" src=\"https:\/\/www.creditinitiative.eu\/wp-content\/uploads\/youtube.png\" width=\"53\" height=\"22\" alt=\"\" class=\"wp-image-85 alignnone size-full\" \/><\/a>\u00a0 \u00a0 \u00a0\u00a0<a href=\"https:\/\/soundcloud.com\/credit-initiative\" target=\"_blank\" rel=\"noopener noreferrer\" title=\"Soundcloud\"><img loading=\"lazy\" decoding=\"async\" src=\"https:\/\/www.creditinitiative.eu\/wp-content\/uploads\/soundcloud.png\" width=\"37\" height=\"21\" alt=\"\" class=\"wp-image-81 alignnone size-full\" \/><\/a>\u00a0 \u00a0 \u00a0\u00a0<a href=\"https:\/\/www.flickr.com\/photos\/europe2019\" target=\"_blank\" rel=\"noopener noreferrer\" title=\"Flickr\"><img loading=\"lazy\" decoding=\"async\" src=\"https:\/\/www.creditinitiative.eu\/wp-content\/uploads\/flickr.png\" width=\"64\" height=\"19\" alt=\"\" class=\"wp-image-67 alignnone size-full\" \/><\/a><\/p>\n<p>[\/et_pb_text][\/et_pb_column][\/et_pb_row][\/et_pb_section]<\/p>\n","protected":false},"excerpt":{"rendered":"<p>#economyforfuture TARTU TOIMEEN Euroopan laajuinen yhteisty\u00f6<!-- Chart Action CSS -->\r\n<style type=\"text\/css\">\r\n\t#imap_2 {\n \n}<\/style>\r\n\r\n<!-- Chart Action HTML -->\r\n<div id=\"imap_2\">\n  <div class=\"interactive_map_finder\" id=\"interactive_map_2\" imap=\"2\"><\/div>\n<\/div>Eurooppalaisella rahoitusaloitteella on kaksi p\u00e4\u00e4m\u00e4\u00e4r\u00e4\u00e4. Se haluaa olla mukana luomassa ja vahvistamassa uudenlaista taloutta. Konkreettisena ehdotuksena se esitt\u00e4\u00e4 lains\u00e4\u00e4d\u00e4nn\u00f6llisen v\u00e4yl\u00e4n avaamista Euroopan tasolla. Asiaa edist\u00e4\u00e4ksemme tarvitsemme mahdollisimman monen ihmisen apua mahdollisimman monessa j\u00e4senmaassa. Eurooppalaisen rahoitusaloitteen k\u00e4ynnistiv\u00e4t Internationales Kulturzentrum Achberg e.V. Saksassa ja IG-EuroVision It\u00e4vallassa. Projektin kaksi perustajaa ja johtajaa [&hellip;]<\/p>\n","protected":false},"author":1,"featured_media":1408,"parent":0,"menu_order":0,"comment_status":"closed","ping_status":"closed","template":"","meta":{"_et_pb_use_builder":"on","_et_pb_old_content":"","_et_gb_content_width":"","footnotes":"","_links_to":"","_links_to_target":""},"class_list":["post-1407","page","type-page","status-publish","has-post-thumbnail","hentry"],"_links":{"self":[{"href":"https:\/\/www.creditinitiative.eu\/fi\/wp-json\/wp\/v2\/pages\/1407","targetHints":{"allow":["GET"]}}],"collection":[{"href":"https:\/\/www.creditinitiative.eu\/fi\/wp-json\/wp\/v2\/pages"}],"about":[{"href":"https:\/\/www.creditinitiative.eu\/fi\/wp-json\/wp\/v2\/types\/page"}],"author":[{"embeddable":true,"href":"https:\/\/www.creditinitiative.eu\/fi\/wp-json\/wp\/v2\/users\/1"}],"replies":[{"embeddable":true,"href":"https:\/\/www.creditinitiative.eu\/fi\/wp-json\/wp\/v2\/comments?post=1407"}],"version-history":[{"count":7,"href":"https:\/\/www.creditinitiative.eu\/fi\/wp-json\/wp\/v2\/pages\/1407\/revisions"}],"predecessor-version":[{"id":1447,"href":"https:\/\/www.creditinitiative.eu\/fi\/wp-json\/wp\/v2\/pages\/1407\/revisions\/1447"}],"wp:featuredmedia":[{"embeddable":true,"href":"https:\/\/www.creditinitiative.eu\/fi\/wp-json\/wp\/v2\/media\/1408"}],"wp:attachment":[{"href":"https:\/\/www.creditinitiative.eu\/fi\/wp-json\/wp\/v2\/media?parent=1407"}],"curies":[{"name":"wp","href":"https:\/\/api.w.org\/{rel}","templated":true}]}}