{"id":1338,"date":"2020-03-08T21:48:58","date_gmt":"2020-03-08T21:48:58","guid":{"rendered":"https:\/\/www.creditinitiative.eu\/broschuere\/"},"modified":"2021-02-19T18:24:50","modified_gmt":"2021-02-19T18:24:50","slug":"esite","status":"publish","type":"page","link":"https:\/\/www.creditinitiative.eu\/fi\/esite\/","title":{"rendered":"Esite Eurooppalaisesta rahoitusaloitteesta"},"content":{"rendered":"<p>[et_pb_section fb_built=&#8221;1&#8243; _builder_version=&#8221;3.28&#8243; min_height=&#8221;315px&#8221; custom_margin=&#8221;||-13px|||&#8221; custom_padding=&#8221;0px||5px|||&#8221;][et_pb_row column_structure=&#8221;1_2,1_2&#8243; _builder_version=&#8221;3.28&#8243; custom_margin=&#8221;|auto|30px|auto||&#8221; custom_padding=&#8221;0px||0px|||&#8221;][et_pb_column type=&#8221;1_2&#8243; _builder_version=&#8221;3.28&#8243;][et_pb_text _builder_version=&#8221;4.9.0&#8243; header_font=&#8221;|||on|||||&#8221; header_text_color=&#8221;#65b32e&#8221; custom_margin=&#8221;||-53px|||&#8221; custom_padding=&#8221;85px||0px|||&#8221; header_font_size_tablet=&#8221;&#8221; header_font_size_phone=&#8221;17px&#8221; header_font_size_last_edited=&#8221;on|phone&#8221; header_5_font_size_tablet=&#8221;&#8221; header_5_font_size_phone=&#8221;12px&#8221; header_5_font_size_last_edited=&#8221;on|phone&#8221;]<\/p>\n<p>#economyforfuture<\/p>\n<h1>TALOUDEN JA RAHAN EUROOPPALAINEN TIE<\/h1>\n<p>[\/et_pb_text][et_pb_text _builder_version=&#8221;4.9.0&#8243; header_font=&#8221;|||on|||||&#8221; header_text_align=&#8221;left&#8221; header_5_font=&#8221;Swanky and Moo Moo|700|on||||||&#8221; header_5_text_align=&#8221;right&#8221; header_5_text_color=&#8221;#e6160f&#8221; header_5_font_size=&#8221;35px&#8221; transform_rotate=&#8221;0deg|0deg|356deg&#8221; width=&#8221;115.5%&#8221; custom_margin=&#8221;3px|-55px|6px||false|false&#8221; custom_margin_tablet=&#8221;&#8221; custom_margin_phone=&#8221;0px|0px|0px|0px|false|false&#8221; custom_margin_last_edited=&#8221;on|desktop&#8221; custom_padding=&#8221;48px|180px|0px|0px|false|false&#8221; header_text_align_phone=&#8221;center&#8221; header_text_align_last_edited=&#8221;off|desktop&#8221; header_5_text_align_tablet=&#8221;&#8221; header_5_text_align_phone=&#8221;center&#8221; header_5_text_align_last_edited=&#8221;on|phone&#8221; header_5_text_color_tablet=&#8221;&#8221; header_5_text_color_phone=&#8221;&#8221; header_5_text_color_last_edited=&#8221;on|desktop&#8221; header_5_font_size_tablet=&#8221;&#8221; header_5_font_size_phone=&#8221;22px&#8221; header_5_font_size_last_edited=&#8221;on|desktop&#8221;]<\/p>\n<h5>Esite!<\/h5>\n<p>[\/et_pb_text][\/et_pb_column][et_pb_column type=&#8221;1_2&#8243; _builder_version=&#8221;3.28&#8243;][et_pb_code disabled_on=&#8221;on|off|off&#8221; _builder_version=&#8221;3.28&#8243; width=&#8221;92.2%&#8221; custom_margin=&#8221;-110px||-50px|80px|false|false&#8221; custom_padding=&#8221;|0px|||false|false&#8221;]<!-- Chart Action CSS -->\r\n<style type=\"text\/css\">\r\n\t#imap_1 {\n \n}<\/style>\r\n\r\n<!-- Chart Action HTML -->\r\n<div id=\"imap_1\">\n  <div class=\"interactive_map_finder\" id=\"interactive_map_1\" imap=\"1\"><\/div>\n<\/div>[\/et_pb_code][\/et_pb_column][\/et_pb_row][et_pb_row column_structure=&#8221;2_5,3_5&#8243; _builder_version=&#8221;3.28&#8243; custom_padding=&#8221;0px||0px|||&#8221;][et_pb_column type=&#8221;2_5&#8243; _builder_version=&#8221;3.28&#8243;][et_pb_image src=&#8221;https:\/\/www.creditinitiative.eu\/wp-content\/uploads\/info-brochure-fi.png&#8221; title_text=&#8221;info-brochure-fi&#8221; show_in_lightbox=&#8221;on&#8221; _builder_version=&#8221;4.9.0&#8243; width=&#8221;87%&#8221; module_alignment=&#8221;center&#8221; custom_margin=&#8221;|115px||||&#8221; border_width_all=&#8221;1px&#8221; border_color_all=&#8221;#d6d6d6&#8243; box_shadow_style=&#8221;preset1&#8243;][\/et_pb_image][\/et_pb_column][et_pb_column type=&#8221;3_5&#8243; _builder_version=&#8221;4.4.0&#8243;][et_pb_text _builder_version=&#8221;4.9.0&#8243; custom_margin=&#8221;||70px|||&#8221; custom_padding=&#8221;0px|0px||||&#8221;]<\/p>\n<p>T\u00e4m\u00e4 8-sivuinen esite antaa kuvan projektistamme sek\u00e4 kertoo sen ideoista ja taustoista.<\/p>\n<p><strong>Esite on ladattavissa seuraavilla kielill\u00e4:<\/strong><\/p>\n<p><a href=\"https:\/\/www.creditinitiative.eu\/wp-content\/uploads\/info-brochure-en.pdf\" target=\"_blank\" rel=\"noopener noreferrer\">englanti<\/a><span>\u00a0|\u00a0<\/span><a title=\"pdf\" href=\"https:\/\/www.creditinitiative.eu\/wp-content\/uploads\/info-brochure-de.pdf\" target=\"_blank\" rel=\"noopener noreferrer\">saksa<\/a><span>\u00a0|\u00a0<\/span><a title=\"pdf\" href=\"https:\/\/www.creditinitiative.eu\/wp-content\/uploads\/info-brochure-fr.pdf\" target=\"_blank\" rel=\"noopener noreferrer\">ranska<\/a><span>\u00a0|<a title=\"pdf\" href=\"https:\/\/www.creditinitiative.eu\/wp-content\/uploads\/info-brochure-it.pdf\" target=\"_blank\" rel=\"noopener noreferrer\">italia<\/a>\u00a0|\u00a0<\/span><a title=\"pdf\" href=\"https:\/\/www.creditinitiative.eu\/wp-content\/uploads\/info-brochure-es.pdf\" target=\"_blank\" rel=\"noopener noreferrer\">espanja<\/a><span>\u00a0|\u00a0<\/span><a title=\"pdf\" href=\"https:\/\/www.creditinitiative.eu\/wp-content\/uploads\/info-brochure-fi.pdf\" target=\"_blank\" rel=\"noopener noreferrer\">suomi<\/a><span>\u00a0|\u00a0<\/span><a title=\"pdf\" href=\"https:\/\/www.creditinitiative.eu\/wp-content\/uploads\/info-brochure-cz.pdf\" target=\"_blank\" rel=\"noopener noreferrer\">tsekki<\/a><span>\u00a0|\u00a0<\/span><a title=\"pdf\" href=\"https:\/\/www.creditinitiative.eu\/wp-content\/uploads\/info-brochure-ru.pdf\" target=\"_blank\" rel=\"noopener noreferrer\">ven\u00e4j\u00e4<\/a><\/p>\n<p><img loading=\"lazy\" decoding=\"async\" src=\"https:\/\/www.creditinitiative.eu\/wp-content\/uploads\/soundcloud.png\" width=\"46\" height=\"26\" alt=\"\" class=\"wp-image-81 alignnone size-full\" \/><\/p>\n<p>Esite on saatavilla my\u00f6s \u203a\u203a\u203a <a href=\"https:\/\/soundcloud.com\/credit-initiative\/europe2019-en-audio\" target=\"_blank\" rel=\"noopener noreferrer\" title=\"audio book\">englannin<\/a> (aiempi versio) ja \u203a\u203a\u203a <a href=\"https:\/\/soundcloud.com\/credit-initiative\/infobroschuere-hoerbuch\" target=\"_blank\" rel=\"noopener noreferrer\" title=\"H\u00f6rbuch\">saksan<\/a> kielisin\u00e4 \u00e4\u00e4nikirjoina SoundCloud:ssa.<\/p>\n<p><strong>Haluatko esitteit\u00e4 tai muuta materiaalia levitt\u00e4\u00e4ksesi tietoa Eurooppalaisesta rahoitusaloitteesta?<\/strong><\/p>\n<p>Tilaa niit\u00e4 osoitteesta <a href=\"mailto:info@creditinitiative.eu\">info@creditinitiative.eu<\/a><\/p>\n<p>[\/et_pb_text][et_pb_button button_url=&#8221;\/wp-content\/uploads\/info-brochure-fi.pdf&#8221; url_new_window=&#8221;on&#8221; button_text=&#8221;Lataa esite (PDF)&#8221; _builder_version=&#8221;4.9.0&#8243;][\/et_pb_button][\/et_pb_column][\/et_pb_row][\/et_pb_section][et_pb_section fb_built=&#8221;1&#8243; _builder_version=&#8221;3.28&#8243; custom_padding=&#8221;||0px|||&#8221;][et_pb_row _builder_version=&#8221;3.28&#8243; custom_margin=&#8221;-52px|auto||auto||&#8221;][et_pb_column type=&#8221;4_4&#8243; _builder_version=&#8221;3.28&#8243;][et_pb_divider color=&#8221;#4d5b61&#8243; divider_position=&#8221;center&#8221; _builder_version=&#8221;3.28&#8243; custom_margin=&#8221;16px||23px|||&#8221;][\/et_pb_divider][\/et_pb_column][\/et_pb_row][\/et_pb_section][et_pb_section fb_built=&#8221;1&#8243; _builder_version=&#8221;3.28&#8243; custom_margin=&#8221;-33px|||||&#8221; custom_padding=&#8221;68px|||||&#8221; saved_tabs=&#8221;all&#8221; global_module=&#8221;1360&#8243;][et_pb_row column_structure=&#8221;1_3,1_3,1_3&#8243; _builder_version=&#8221;3.28&#8243; custom_margin=&#8221;-46px|auto|-1px|auto||&#8221; custom_padding=&#8221;0px||0px|||&#8221;][et_pb_column type=&#8221;1_3&#8243; _builder_version=&#8221;3.28&#8243;][et_pb_text _builder_version=&#8221;4.9.0&#8243; custom_margin=&#8221;12px||||false|false&#8221;]<\/p>\n<p>Internationales Kulturzentrum Achberg e.V.<br \/>Panoramastra\u00dfe 30<br \/>88147 Achberg<br \/>SAKSA<\/p>\n<p>+49 8380 500<\/p>\n<p>IBAN: DE88 4306 0967 8233 3668 00<br \/>GENODEM1GLS<\/p>\n<p>[\/et_pb_text][et_pb_text _builder_version=&#8221;3.28&#8243; custom_margin=&#8221;-12px||||false|false&#8221;]<\/p>\n<p><span><a href=\"mailto:info@creditinitiative.eu \">info@creditinitiative.eu<br \/> <\/a><\/span><span><a href=\"http:\/\/www.creditinitiative.eu \">www.creditinitiative.eu<\/a><\/span><\/p>\n<p><span><\/span><\/p>\n<p><span><\/span><\/p>\n<p>[\/et_pb_text][\/et_pb_column][et_pb_column type=&#8221;1_3&#8243; _builder_version=&#8221;3.28&#8243;][et_pb_text _builder_version=&#8221;4.9.0&#8243; custom_margin=&#8221;12px||||false|false&#8221;]<\/p>\n<p>Initiativ-Gesellschaft EuroVision<br \/>Brantinggasse 61<br \/>1100 Wien<br \/>IT\u00c4VALTA<\/p>\n<p>+43 650 941 32 64<\/p>\n<p>IBAN: AT09 6000 0000 9217 9671<br \/>BIC: OPSKATWW<\/p>\n<p>[\/et_pb_text][et_pb_text _builder_version=&#8221;4.9.0&#8243; custom_margin=&#8221;-12px||||false|false&#8221; custom_padding=&#8221;||||false|false&#8221;]<\/p>\n<p><span style=\"font-size: 15px;\">Yhteyshenkil\u00f6t:<br \/><\/span><span style=\"font-size: 15px;\">Gerhard Schuster ja Daniel Schily<\/span><\/p>\n<p>&nbsp;<\/p>\n<p>[\/et_pb_text][\/et_pb_column][et_pb_column type=&#8221;1_3&#8243; _builder_version=&#8221;3.28&#8243;][et_pb_sidebar area=&#8221;et_pb_widget_area_1&#8243; show_border=&#8221;off&#8221; _builder_version=&#8221;3.28&#8243; custom_margin=&#8221;-18px|3px|||false|false&#8221;][\/et_pb_sidebar][\/et_pb_column][\/et_pb_row][et_pb_row column_structure=&#8221;3_5,2_5&#8243; _builder_version=&#8221;3.28&#8243; custom_margin=&#8221;-22px|auto|-57px|auto||&#8221; custom_padding=&#8221;||1px|||&#8221;][et_pb_column type=&#8221;3_5&#8243; _builder_version=&#8221;3.28&#8243;][et_pb_text _builder_version=&#8221;4.9.0&#8243; custom_margin=&#8221;-8px||||false|false&#8221;]<\/p>\n<div>\n<p>\u00a9\u00a02021 | Internationales Kulturzentrum Achberg &amp; IG-EuroVision | <a title=\"Impressum\" href=\"\/impressum\">Impressum<\/a>\u00a0| <a title=\"Datenschutz\" href=\"\/datenschutz\">Datenschutz<\/a><\/p>\n<\/div>\n<p>[\/et_pb_text][\/et_pb_column][et_pb_column type=&#8221;2_5&#8243; _builder_version=&#8221;3.28&#8243;][et_pb_text _builder_version=&#8221;4.4.0&#8243; transform_scale_last_edited=&#8221;off|desktop&#8221; transform_translate_last_edited=&#8221;off|desktop&#8221; transform_rotate_last_edited=&#8221;off|desktop&#8221; transform_skew_last_edited=&#8221;off|desktop&#8221; transform_origin_last_edited=&#8221;off|desktop&#8221; transform_styles_last_edited=&#8221;off|desktop&#8221; text_orientation=&#8221;right&#8221; custom_margin=&#8221;-10px||||false|false&#8221; text_font_size_tablet=&#8221;&#8221; text_font_size_phone=&#8221;7px&#8221; text_font_size_last_edited=&#8221;on|phone&#8221; text_orientation_tablet=&#8221;&#8221; text_orientation_phone=&#8221;left&#8221; text_orientation_last_edited=&#8221;on|phone&#8221;]<\/p>\n<p><a href=\"https:\/\/www.facebook.com\/credit.initiative\" target=\"_blank\" rel=\"noopener noreferrer\"><img loading=\"lazy\" decoding=\"async\" src=\"https:\/\/www.creditinitiative.eu\/wp-content\/uploads\/facebook.png\" width=\"88\" height=\"23\" alt=\"\" class=\"wp-image-65 alignnone size-full\" \/><\/a>\u00a0 \u00a0 \u00a0<a href=\"https:\/\/twitter.com\/credit_eci\" target=\"_blank\" rel=\"noopener noreferrer\" title=\"Twitter\"><img loading=\"lazy\" decoding=\"async\" src=\"https:\/\/www.creditinitiative.eu\/wp-content\/uploads\/twitter.png\" width=\"27\" height=\"22\" alt=\"\" class=\"wp-image-83 alignnone size-full\" \/><\/a> \u00a0 \u00a0 \u00a0<a href=\"http:\/\/www.youtube.com\/c\/europe2019net\" target=\"_blank\" rel=\"noopener noreferrer\" title=\"YouTube\"><img loading=\"lazy\" decoding=\"async\" src=\"https:\/\/www.creditinitiative.eu\/wp-content\/uploads\/youtube.png\" width=\"53\" height=\"22\" alt=\"\" class=\"wp-image-85 alignnone size-full\" \/><\/a>\u00a0 \u00a0 \u00a0\u00a0<a href=\"https:\/\/soundcloud.com\/credit-initiative\" target=\"_blank\" rel=\"noopener noreferrer\" title=\"Soundcloud\"><img loading=\"lazy\" decoding=\"async\" src=\"https:\/\/www.creditinitiative.eu\/wp-content\/uploads\/soundcloud.png\" width=\"37\" height=\"21\" alt=\"\" class=\"wp-image-81 alignnone size-full\" \/><\/a>\u00a0 \u00a0 \u00a0\u00a0<a href=\"https:\/\/www.flickr.com\/photos\/europe2019\" target=\"_blank\" rel=\"noopener noreferrer\" title=\"Flickr\"><img loading=\"lazy\" decoding=\"async\" src=\"https:\/\/www.creditinitiative.eu\/wp-content\/uploads\/flickr.png\" width=\"64\" height=\"19\" alt=\"\" class=\"wp-image-67 alignnone size-full\" \/><\/a><\/p>\n<p>[\/et_pb_text][\/et_pb_column][\/et_pb_row][\/et_pb_section]<\/p>\n","protected":false},"excerpt":{"rendered":"<p>#economyforfuture TALOUDEN JA RAHAN EUROOPPALAINEN TIEEsite!<!-- Chart Action CSS -->\r\n<style type=\"text\/css\">\r\n\t#imap_2 {\n \n}<\/style>\r\n\r\n<!-- Chart Action HTML -->\r\n<div id=\"imap_2\">\n  <div class=\"interactive_map_finder\" id=\"interactive_map_2\" imap=\"2\"><\/div>\n<\/div>T\u00e4m\u00e4 8-sivuinen esite antaa kuvan projektistamme sek\u00e4 kertoo sen ideoista ja taustoista. Esite on ladattavissa seuraavilla kielill\u00e4: englanti\u00a0|\u00a0saksa\u00a0|\u00a0ranska\u00a0|italia\u00a0|\u00a0espanja\u00a0|\u00a0suomi\u00a0|\u00a0tsekki\u00a0|\u00a0ven\u00e4j\u00e4 Esite on saatavilla my\u00f6s \u203a\u203a\u203a englannin (aiempi versio) ja \u203a\u203a\u203a saksan kielisin\u00e4 \u00e4\u00e4nikirjoina SoundCloud:ssa. Haluatko esitteit\u00e4 tai muuta materiaalia levitt\u00e4\u00e4ksesi tietoa Eurooppalaisesta rahoitusaloitteesta? Tilaa niit\u00e4 osoitteesta info@creditinitiative.euInternationales Kulturzentrum Achberg e.V.Panoramastra\u00dfe 3088147 [&hellip;]<\/p>\n","protected":false},"author":1,"featured_media":0,"parent":0,"menu_order":0,"comment_status":"closed","ping_status":"closed","template":"","meta":{"_et_pb_use_builder":"on","_et_pb_old_content":"","_et_gb_content_width":"","footnotes":"","_links_to":"","_links_to_target":""},"class_list":["post-1338","page","type-page","status-publish","hentry"],"_links":{"self":[{"href":"https:\/\/www.creditinitiative.eu\/fi\/wp-json\/wp\/v2\/pages\/1338","targetHints":{"allow":["GET"]}}],"collection":[{"href":"https:\/\/www.creditinitiative.eu\/fi\/wp-json\/wp\/v2\/pages"}],"about":[{"href":"https:\/\/www.creditinitiative.eu\/fi\/wp-json\/wp\/v2\/types\/page"}],"author":[{"embeddable":true,"href":"https:\/\/www.creditinitiative.eu\/fi\/wp-json\/wp\/v2\/users\/1"}],"replies":[{"embeddable":true,"href":"https:\/\/www.creditinitiative.eu\/fi\/wp-json\/wp\/v2\/comments?post=1338"}],"version-history":[{"count":7,"href":"https:\/\/www.creditinitiative.eu\/fi\/wp-json\/wp\/v2\/pages\/1338\/revisions"}],"predecessor-version":[{"id":1369,"href":"https:\/\/www.creditinitiative.eu\/fi\/wp-json\/wp\/v2\/pages\/1338\/revisions\/1369"}],"wp:attachment":[{"href":"https:\/\/www.creditinitiative.eu\/fi\/wp-json\/wp\/v2\/media?parent=1338"}],"curies":[{"name":"wp","href":"https:\/\/api.w.org\/{rel}","templated":true}]}}